{"id":4556,"date":"2021-08-23T15:35:01","date_gmt":"2021-08-23T13:35:01","guid":{"rendered":"https:\/\/www.kommunikationsraum.at\/?page_id=4556"},"modified":"2026-04-26T10:49:38","modified_gmt":"2026-04-26T08:49:38","slug":"hot","status":"publish","type":"page","link":"https:\/\/www.kommunikationsraum.at\/en\/startseite\/hot\/","title":{"rendered":"hot"},"content":{"rendered":"\t\t<div data-elementor-type=\"wp-page\" data-elementor-id=\"4556\" class=\"elementor elementor-4556\">\n\t\t\t\t\t\t<div class=\"elementor-inner\">\n\t\t\t\t<div class=\"elementor-section-wrap\">\n\t\t\t\t\t\t\t\t\t<section class=\"elementor-section elementor-top-section elementor-element elementor-element-2eceeee elementor-section-full_width elementor-section-height-default elementor-section-height-default\" data-id=\"2eceeee\" data-element_type=\"section\">\n\t\t\t\t\t\t<div class=\"elementor-container elementor-column-gap-no\">\n\t\t\t\t\t\t\t<div class=\"elementor-row\">\n\t\t\t\t\t<aside class=\"elementor-column elementor-col-33 elementor-top-column elementor-element elementor-element-1764c93\" data-id=\"1764c93\" data-element_type=\"column\">\n\t\t\t<div class=\"elementor-column-wrap elementor-element-populated\">\n\t\t\t\t\t\t\t<div class=\"elementor-widget-wrap\">\n\t\t\t\t\t\t<div class=\"elementor-element elementor-element-21c0ddb elementor-widget elementor-widget-image\" data-id=\"21c0ddb\" data-element_type=\"widget\" data-widget_type=\"image.default\">\n\t\t\t\t<div class=\"elementor-widget-container\">\n\t\t\t\t\t\t\t\t<div class=\"elementor-image\">\n\t\t\t\t\t\t\t\t\t\t\t\t<img loading=\"lazy\" decoding=\"async\" width=\"800\" height=\"400\" src=\"https:\/\/www.kommunikationsraum.at\/wp-content\/uploads\/2021\/08\/hot-ohne-hintergrund-400x600-1.png\" class=\"attachment-full size-full wp-image-4678\" alt=\"\" srcset=\"https:\/\/www.kommunikationsraum.at\/wp-content\/uploads\/2021\/08\/hot-ohne-hintergrund-400x600-1.png 800w, https:\/\/www.kommunikationsraum.at\/wp-content\/uploads\/2021\/08\/hot-ohne-hintergrund-400x600-1-300x150.png 300w, https:\/\/www.kommunikationsraum.at\/wp-content\/uploads\/2021\/08\/hot-ohne-hintergrund-400x600-1-768x384.png 768w\" sizes=\"auto, (max-width: 800px) 100vw, 800px\" \/>\t\t\t\t\t\t\t\t\t\t\t\t\t\t<\/div>\n\t\t\t\t\t\t<\/div>\n\t\t\t\t<\/div>\n\t\t\t\t\t\t<\/div>\n\t\t\t\t\t<\/div>\n\t\t<\/aside>\n\t\t\t\t<article class=\"elementor-column elementor-col-33 elementor-top-column elementor-element elementor-element-0af7138\" data-id=\"0af7138\" data-element_type=\"column\">\n\t\t\t<div class=\"elementor-column-wrap\">\n\t\t\t\t\t\t\t<div class=\"elementor-widget-wrap\">\n\t\t\t\t\t\t\t\t<\/div>\n\t\t\t\t\t<\/div>\n\t\t<\/article>\n\t\t\t\t<aside class=\"elementor-column elementor-col-33 elementor-top-column elementor-element elementor-element-df3e35b elementor-hidden-phone\" data-id=\"df3e35b\" data-element_type=\"column\">\n\t\t\t<div class=\"elementor-column-wrap\">\n\t\t\t\t\t\t\t<div class=\"elementor-widget-wrap\">\n\t\t\t\t\t\t\t\t<\/div>\n\t\t\t\t\t<\/div>\n\t\t<\/aside>\n\t\t\t\t\t\t\t\t<\/div>\n\t\t\t\t\t<\/div>\n\t\t<\/section>\n\t\t\t\t<section class=\"elementor-section elementor-top-section elementor-element elementor-element-28fe2ca elementor-section-full_width elementor-section-height-default elementor-section-height-default\" data-id=\"28fe2ca\" data-element_type=\"section\" data-settings=\"{&quot;background_background&quot;:&quot;classic&quot;}\">\n\t\t\t\t\t\t<div class=\"elementor-container elementor-column-gap-no\">\n\t\t\t\t\t\t\t<div class=\"elementor-row\">\n\t\t\t\t\t<aside class=\"elementor-column elementor-col-33 elementor-top-column elementor-element elementor-element-43684e4\" data-id=\"43684e4\" data-element_type=\"column\">\n\t\t\t<div class=\"elementor-column-wrap elementor-element-populated\">\n\t\t\t\t\t\t\t<div class=\"elementor-widget-wrap\">\n\t\t\t\t\t\t<div class=\"elementor-element elementor-element-02d7309 elementor-widget elementor-widget-spacer\" data-id=\"02d7309\" data-element_type=\"widget\" data-widget_type=\"spacer.default\">\n\t\t\t\t<div class=\"elementor-widget-container\">\n\t\t\t\t\t<div class=\"elementor-spacer\">\n\t\t\t<div class=\"elementor-spacer-inner\"><\/div>\n\t\t<\/div>\n\t\t\t\t<\/div>\n\t\t\t\t<\/div>\n\t\t\t\t<div class=\"elementor-element elementor-element-a335818 elementor-widget elementor-widget-image\" data-id=\"a335818\" data-element_type=\"widget\" data-widget_type=\"image.default\">\n\t\t\t\t<div class=\"elementor-widget-container\">\n\t\t\t\t\t\t\t\t<div class=\"elementor-image\">\n\t\t\t\t\t\t\t\t\t\t\t\t<img loading=\"lazy\" decoding=\"async\" width=\"800\" height=\"600\" src=\"https:\/\/www.kommunikationsraum.at\/wp-content\/uploads\/2026\/04\/Teaser-NOWandNEXT_26_04_08.png\" class=\"attachment-large size-large wp-image-11155\" alt=\"\" srcset=\"https:\/\/www.kommunikationsraum.at\/wp-content\/uploads\/2026\/04\/Teaser-NOWandNEXT_26_04_08.png 800w, https:\/\/www.kommunikationsraum.at\/wp-content\/uploads\/2026\/04\/Teaser-NOWandNEXT_26_04_08-300x225.png 300w, https:\/\/www.kommunikationsraum.at\/wp-content\/uploads\/2026\/04\/Teaser-NOWandNEXT_26_04_08-768x576.png 768w\" sizes=\"auto, (max-width: 800px) 100vw, 800px\" \/>\t\t\t\t\t\t\t\t\t\t\t\t\t\t<\/div>\n\t\t\t\t\t\t<\/div>\n\t\t\t\t<\/div>\n\t\t\t\t\t\t<\/div>\n\t\t\t\t\t<\/div>\n\t\t<\/aside>\n\t\t\t\t<article class=\"elementor-column elementor-col-33 elementor-top-column elementor-element elementor-element-f61b532\" data-id=\"f61b532\" data-element_type=\"column\">\n\t\t\t<div class=\"elementor-column-wrap elementor-element-populated\">\n\t\t\t\t\t\t\t<div class=\"elementor-widget-wrap\">\n\t\t\t\t\t\t<div class=\"elementor-element elementor-element-95b0e5f no-hl-mb elementor-hidden-mobile elementor-widget elementor-widget-text-editor\" data-id=\"95b0e5f\" data-element_type=\"widget\" data-widget_type=\"text-editor.default\">\n\t\t\t\t<div class=\"elementor-widget-container\">\n\t\t\t\t\t\t\t\t<div class=\"elementor-text-editor elementor-clearfix\">\n\t\t\t\t<h3><strong>NOW and NEXT<\/strong><\/h3>\t\t\t\t\t<\/div>\n\t\t\t\t\t\t<\/div>\n\t\t\t\t<\/div>\n\t\t\t\t<div class=\"elementor-element elementor-element-6567ab9 no-hl-mb elementor-hidden-mobile elementor-widget elementor-widget-text-editor\" data-id=\"6567ab9\" data-element_type=\"widget\" data-widget_type=\"text-editor.default\">\n\t\t\t\t<div class=\"elementor-widget-container\">\n\t\t\t\t\t\t\t\t<div class=\"elementor-text-editor elementor-clearfix\">\n\t\t\t\t<h5>Die Dynamik der Gegenwart nutzen, um Zukunft zu gestalten<\/h5>\t\t\t\t\t<\/div>\n\t\t\t\t\t\t<\/div>\n\t\t\t\t<\/div>\n\t\t\t\t<div class=\"elementor-element elementor-element-5f6fe99 elementor-widget elementor-widget-text-editor\" data-id=\"5f6fe99\" data-element_type=\"widget\" data-widget_type=\"text-editor.default\">\n\t\t\t\t<div class=\"elementor-widget-container\">\n\t\t\t\t\t\t\t\t<div class=\"elementor-text-editor elementor-clearfix\">\n\t\t\t\t<p><strong>Kommt Ihnen das bekannt vor?<\/strong> <br \/>Sie beginnen einen Transformationsprozess voller Elan und Dringlichkeit und nach einigen Monaten fokussiert sich die Energie auf weitere Ver\u00e4nderungen, F\u00fchrungswechsel und neue Priorisierungen oder man verhaspelt sich im Netz der Komplexit\u00e4t, unerwarteter H\u00fcrden und Widerst\u00e4nde!<\/p>\t\t\t\t\t<\/div>\n\t\t\t\t\t\t<\/div>\n\t\t\t\t<\/div>\n\t\t\t\t<div class=\"elementor-element elementor-element-a0eb21e elementor-widget elementor-widget-text-editor\" data-id=\"a0eb21e\" data-element_type=\"widget\" data-widget_type=\"text-editor.default\">\n\t\t\t\t<div class=\"elementor-widget-container\">\n\t\t\t\t\t\t\t\t<div class=\"elementor-text-editor elementor-clearfix\">\n\t\t\t\t<p><strong>Flugh\u00f6he wanted!<\/strong><br \/>Wir laden Sie zu einem Tag Vor-Denken und Inspiration ein, machen Lust auf Zukunftsf\u00e4higkeit und ermutigen zur konkreten Umsetzung.<\/p>\t\t\t\t\t<\/div>\n\t\t\t\t\t\t<\/div>\n\t\t\t\t<\/div>\n\t\t\t\t<div class=\"elementor-element elementor-element-2e66e9f elementor-widget elementor-widget-text-editor\" data-id=\"2e66e9f\" data-element_type=\"widget\" data-widget_type=\"text-editor.default\">\n\t\t\t\t<div class=\"elementor-widget-container\">\n\t\t\t\t\t\t\t\t<div class=\"elementor-text-editor elementor-clearfix\">\n\t\t\t\t<p>Mit <a href=\"https:\/\/www.trainconsulting.eu\/person\/susanna-achleitner\/\" target=\"_blank\" rel=\"noopener\">Susanna Achleitner<\/a> und Bettina Pepek arbeiten Sie mit <br \/>zwei Expert:innen, die das Zusammenspiel von Leadership \u2013 Kommunikation \u2013 Transformation ins Zentrum ihres Wirkens stellen. Theoretische Impulse verbinden sich mit tiefgehenden praktischen Erfahrungen und pers\u00f6nlichem Engagement. <strong>Ein Mix, der <\/strong><br \/><strong>inspiriert, mitrei\u00dft und zur konkreten Umsetzung ermutigt.<\/strong><\/p>\t\t\t\t\t<\/div>\n\t\t\t\t\t\t<\/div>\n\t\t\t\t<\/div>\n\t\t\t\t<div class=\"elementor-element elementor-element-23298a5 elementor-widget elementor-widget-text-editor\" data-id=\"23298a5\" data-element_type=\"widget\" data-widget_type=\"text-editor.default\">\n\t\t\t\t<div class=\"elementor-widget-container\">\n\t\t\t\t\t\t\t\t<div class=\"elementor-text-editor elementor-clearfix\">\n\t\t\t\t<p><strong>Anmeldung\u00a0<\/strong>an\u00a0<a href=\"mailto:welcome@trainconsulting.eu?subject=Anmeldung%20%22Now%20and%20Next%22%2C%2018.%20Juni%202026&amp;body=Liebes%20Trainconsulting%20Team%2C%0D%0Ahiermit%20melde%20ich%20mich%20verbindlich%20zu%20%22Now%20and%20Next%22%20mit%20Susanna%20Achleitner%20und%20Bettina%20Pepek%20am%2018.%20Juni%202026%20an.%0D%0ALiebe%20Gr%C3%BC%C3%9Fe\" target=\"_blank\" rel=\"noreferrer noopener\">welcome@trainconsulting.eu<\/a><\/p>\t\t\t\t\t<\/div>\n\t\t\t\t\t\t<\/div>\n\t\t\t\t<\/div>\n\t\t\t\t\t\t<\/div>\n\t\t\t\t\t<\/div>\n\t\t<\/article>\n\t\t\t\t<aside class=\"elementor-column elementor-col-33 elementor-top-column elementor-element elementor-element-9836c2a\" data-id=\"9836c2a\" data-element_type=\"column\">\n\t\t\t<div class=\"elementor-column-wrap elementor-element-populated\">\n\t\t\t\t\t\t\t<div class=\"elementor-widget-wrap\">\n\t\t\t\t\t\t<div class=\"elementor-element elementor-element-e4775d1 elementor-widget elementor-widget-text-editor\" data-id=\"e4775d1\" data-element_type=\"widget\" data-widget_type=\"text-editor.default\">\n\t\t\t\t<div class=\"elementor-widget-container\">\n\t\t\t\t\t\t\t\t<div class=\"elementor-text-editor elementor-clearfix\">\n\t\t\t\t<p><strong>Wann:<\/strong> 18. Juni 2026<\/p><p><strong>Wo:<\/strong> Trainconsulting, Wien<\/p>\t\t\t\t\t<\/div>\n\t\t\t\t\t\t<\/div>\n\t\t\t\t<\/div>\n\t\t\t\t<div class=\"elementor-element elementor-element-242a8a9 elementor-widget elementor-widget-text-editor\" data-id=\"242a8a9\" data-element_type=\"widget\" data-widget_type=\"text-editor.default\">\n\t\t\t\t<div class=\"elementor-widget-container\">\n\t\t\t\t\t\t\t\t<div class=\"elementor-text-editor elementor-clearfix\">\n\t\t\t\t<p><a href=\"https:\/\/www.trainconsulting.eu\/inspiration-lernen\/now-and-next\/\" target=\"_blank\" rel=\"noopener\">Alle Details<\/a><\/p>\t\t\t\t\t<\/div>\n\t\t\t\t\t\t<\/div>\n\t\t\t\t<\/div>\n\t\t\t\t<div class=\"elementor-element elementor-element-bfc6423 elementor-widget elementor-widget-text-editor\" data-id=\"bfc6423\" data-element_type=\"widget\" data-widget_type=\"text-editor.default\">\n\t\t\t\t<div class=\"elementor-widget-container\">\n\t\t\t\t\t\t\t\t<div class=\"elementor-text-editor elementor-clearfix\">\n\t\t\t\t\t\t\t\t\t<\/div>\n\t\t\t\t\t\t<\/div>\n\t\t\t\t<\/div>\n\t\t\t\t\t\t<\/div>\n\t\t\t\t\t<\/div>\n\t\t<\/aside>\n\t\t\t\t\t\t\t\t<\/div>\n\t\t\t\t\t<\/div>\n\t\t<\/section>\n\t\t\t\t<section class=\"elementor-section elementor-top-section elementor-element elementor-element-aeb21b9 elementor-section-full_width elementor-hidden-desktop elementor-hidden-tablet elementor-hidden-mobile elementor-section-height-default elementor-section-height-default\" data-id=\"aeb21b9\" data-element_type=\"section\" data-settings=\"{&quot;background_background&quot;:&quot;classic&quot;}\">\n\t\t\t\t\t\t<div class=\"elementor-container elementor-column-gap-no\">\n\t\t\t\t\t\t\t<div class=\"elementor-row\">\n\t\t\t\t\t<aside class=\"elementor-column elementor-col-33 elementor-top-column elementor-element elementor-element-20d1ecf\" data-id=\"20d1ecf\" data-element_type=\"column\">\n\t\t\t<div class=\"elementor-column-wrap elementor-element-populated\">\n\t\t\t\t\t\t\t<div class=\"elementor-widget-wrap\">\n\t\t\t\t\t\t<div class=\"elementor-element elementor-element-dcdb2aa elementor-widget elementor-widget-spacer\" data-id=\"dcdb2aa\" data-element_type=\"widget\" data-widget_type=\"spacer.default\">\n\t\t\t\t<div class=\"elementor-widget-container\">\n\t\t\t\t\t<div class=\"elementor-spacer\">\n\t\t\t<div class=\"elementor-spacer-inner\"><\/div>\n\t\t<\/div>\n\t\t\t\t<\/div>\n\t\t\t\t<\/div>\n\t\t\t\t<div class=\"elementor-element elementor-element-09509e6 elementor-widget elementor-widget-image\" data-id=\"09509e6\" data-element_type=\"widget\" data-widget_type=\"image.default\">\n\t\t\t\t<div class=\"elementor-widget-container\">\n\t\t\t\t\t\t\t\t<div class=\"elementor-image\">\n\t\t\t\t\t\t\t\t\t\t\t\t\t<a href=\"https:\/\/www.kommunikationsraum.at\/real-world\/now-and-then\/\" target=\"_blank\">\n\t\t\t\t\t\t\t<img loading=\"lazy\" decoding=\"async\" width=\"800\" height=\"600\" src=\"https:\/\/www.kommunikationsraum.at\/wp-content\/uploads\/2024\/10\/NOWandNEXT_2_800x600.png\" class=\"attachment-full size-full wp-image-10303\" alt=\"\" srcset=\"https:\/\/www.kommunikationsraum.at\/wp-content\/uploads\/2024\/10\/NOWandNEXT_2_800x600.png 800w, https:\/\/www.kommunikationsraum.at\/wp-content\/uploads\/2024\/10\/NOWandNEXT_2_800x600-300x225.png 300w, https:\/\/www.kommunikationsraum.at\/wp-content\/uploads\/2024\/10\/NOWandNEXT_2_800x600-768x576.png 768w\" sizes=\"auto, (max-width: 800px) 100vw, 800px\" \/>\t\t\t\t\t\t\t\t<\/a>\n\t\t\t\t\t\t\t\t\t\t\t\t\t\t<\/div>\n\t\t\t\t\t\t<\/div>\n\t\t\t\t<\/div>\n\t\t\t\t\t\t<\/div>\n\t\t\t\t\t<\/div>\n\t\t<\/aside>\n\t\t\t\t<article class=\"elementor-column elementor-col-33 elementor-top-column elementor-element elementor-element-500aa87\" data-id=\"500aa87\" data-element_type=\"column\">\n\t\t\t<div class=\"elementor-column-wrap elementor-element-populated\">\n\t\t\t\t\t\t\t<div class=\"elementor-widget-wrap\">\n\t\t\t\t\t\t<div class=\"elementor-element elementor-element-f834d94 subpage, no-hl-mb elementor-hidden-mobile elementor-widget elementor-widget-text-editor\" data-id=\"f834d94\" data-element_type=\"widget\" data-widget_type=\"text-editor.default\">\n\t\t\t\t<div class=\"elementor-widget-container\">\n\t\t\t\t\t\t\t\t<div class=\"elementor-text-editor elementor-clearfix\">\n\t\t\t\t<h4><strong>NOW and NEXT<\/strong><\/h4>\t\t\t\t\t<\/div>\n\t\t\t\t\t\t<\/div>\n\t\t\t\t<\/div>\n\t\t\t\t<div class=\"elementor-element elementor-element-e5e9ca8 no-hl-mb elementor-hidden-mobile elementor-widget elementor-widget-text-editor\" data-id=\"e5e9ca8\" data-element_type=\"widget\" data-widget_type=\"text-editor.default\">\n\t\t\t\t<div class=\"elementor-widget-container\">\n\t\t\t\t\t\t\t\t<div class=\"elementor-text-editor elementor-clearfix\">\n\t\t\t\t<h5>Vom fulminanten Start zu tiefgreifender Transformation<\/h5>\t\t\t\t\t<\/div>\n\t\t\t\t\t\t<\/div>\n\t\t\t\t<\/div>\n\t\t\t\t<div class=\"elementor-element elementor-element-b0f2de5 elementor-widget elementor-widget-text-editor\" data-id=\"b0f2de5\" data-element_type=\"widget\" data-widget_type=\"text-editor.default\">\n\t\t\t\t<div class=\"elementor-widget-container\">\n\t\t\t\t\t\t\t\t<div class=\"elementor-text-editor elementor-clearfix\">\n\t\t\t\t<p>Was brauchen Ver\u00e4nderungsmanagement, F\u00fchrung und Kommunikation in unterschiedlichen Phasen von Transformationsprozessen, damit die <strong>Anfangsenergie<\/strong> nicht verpufft? <br \/><strong>Gekonnt dranbleiben ist gefragt!<\/strong><\/p>\t\t\t\t\t<\/div>\n\t\t\t\t\t\t<\/div>\n\t\t\t\t<\/div>\n\t\t\t\t<div class=\"elementor-element elementor-element-fd1f777 elementor-widget elementor-widget-text-editor\" data-id=\"fd1f777\" data-element_type=\"widget\" data-widget_type=\"text-editor.default\">\n\t\t\t\t<div class=\"elementor-widget-container\">\n\t\t\t\t\t\t\t\t<div class=\"elementor-text-editor elementor-clearfix\">\n\t\t\t\t<ul><li>Wie gelingt es in Transformationssituationen jene produktive Energie zu entwickeln, die Voraussetzung f\u00fcr Bewegung in die richtige Richtung ist?<\/li><li>Wie schaffen F\u00fchrungskr\u00e4fte es, ihre Teams f\u00fcr nachhaltiges Wachstum zu begeistern, auf einzigartige Business-Opportunities neugierig zu machen und eine adaptive Organisation zu kreieren?<\/li><\/ul>\t\t\t\t\t<\/div>\n\t\t\t\t\t\t<\/div>\n\t\t\t\t<\/div>\n\t\t\t\t<div class=\"elementor-element elementor-element-0b6706a elementor-widget elementor-widget-text-editor\" data-id=\"0b6706a\" data-element_type=\"widget\" data-widget_type=\"text-editor.default\">\n\t\t\t\t<div class=\"elementor-widget-container\">\n\t\t\t\t\t\t\t\t<div class=\"elementor-text-editor elementor-clearfix\">\n\t\t\t\t<p>Eine dynamische Session mit Impulsen, Erfahrungen und aktueller Empirie mit <a href=\"https:\/\/www.trainconsulting.eu\/person\/susanna-achleitner\/\" target=\"_blank\" rel=\"noopener\">Susanna Achleitner<\/a> und <a href=\"https:\/\/www.kommunikationsraum.at\/real-world\/team\/\" target=\"_blank\" rel=\"noopener\">Bettina Pepek.<\/a><\/p>\t\t\t\t\t<\/div>\n\t\t\t\t\t\t<\/div>\n\t\t\t\t<\/div>\n\t\t\t\t<div class=\"elementor-element elementor-element-478689d elementor-widget elementor-widget-text-editor\" data-id=\"478689d\" data-element_type=\"widget\" data-widget_type=\"text-editor.default\">\n\t\t\t\t<div class=\"elementor-widget-container\">\n\t\t\t\t\t\t\t\t<div class=\"elementor-text-editor elementor-clearfix\">\n\t\t\t\t<p><strong>ANMELDUNGEN BITTE AN<\/strong>: <a href=\"mailto:office@kommunikationsraum.at\" target=\"_blank\" rel=\"noopener\">office@kommunikationsraum.at<\/a><\/p>\t\t\t\t\t<\/div>\n\t\t\t\t\t\t<\/div>\n\t\t\t\t<\/div>\n\t\t\t\t\t\t<\/div>\n\t\t\t\t\t<\/div>\n\t\t<\/article>\n\t\t\t\t<aside class=\"elementor-column elementor-col-33 elementor-top-column elementor-element elementor-element-1552618\" data-id=\"1552618\" data-element_type=\"column\">\n\t\t\t<div class=\"elementor-column-wrap elementor-element-populated\">\n\t\t\t\t\t\t\t<div class=\"elementor-widget-wrap\">\n\t\t\t\t\t\t<div class=\"elementor-element elementor-element-8d38be5 elementor-widget elementor-widget-text-editor\" data-id=\"8d38be5\" data-element_type=\"widget\" data-widget_type=\"text-editor.default\">\n\t\t\t\t<div class=\"elementor-widget-container\">\n\t\t\t\t\t\t\t\t<div class=\"elementor-text-editor elementor-clearfix\">\n\t\t\t\t<p><strong>7. November, <\/strong>9 Uhr, Wien<br \/><strong>6. Februar, <\/strong>17 Uhr, Linz<\/p><p><a href=\"https:\/\/www.trainconsulting.eu\/allgemein\/from-now-to-next\/\" target=\"_blank\" rel=\"noopener\">Mehr dar\u00fcber<\/a><\/p>\t\t\t\t\t<\/div>\n\t\t\t\t\t\t<\/div>\n\t\t\t\t<\/div>\n\t\t\t\t<div class=\"elementor-element elementor-element-2212a07 elementor-widget elementor-widget-image\" data-id=\"2212a07\" data-element_type=\"widget\" data-widget_type=\"image.default\">\n\t\t\t\t<div class=\"elementor-widget-container\">\n\t\t\t\t\t\t\t\t<div class=\"elementor-image\">\n\t\t\t\t\t\t\t\t\t\t\t\t\t<a href=\"mailto:office@kommunikationsraum.at\" target=\"_blank\">\n\t\t\t\t\t\t\t<img loading=\"lazy\" decoding=\"async\" width=\"200\" height=\"200\" src=\"https:\/\/www.kommunikationsraum.at\/wp-content\/uploads\/2023\/01\/23_01_16-anmelden-transparent.png\" class=\"attachment-full size-full wp-image-8202\" alt=\"\" srcset=\"https:\/\/www.kommunikationsraum.at\/wp-content\/uploads\/2023\/01\/23_01_16-anmelden-transparent.png 200w, https:\/\/www.kommunikationsraum.at\/wp-content\/uploads\/2023\/01\/23_01_16-anmelden-transparent-150x150.png 150w\" sizes=\"auto, (max-width: 200px) 100vw, 200px\" \/>\t\t\t\t\t\t\t\t<\/a>\n\t\t\t\t\t\t\t\t\t\t\t\t\t\t<\/div>\n\t\t\t\t\t\t<\/div>\n\t\t\t\t<\/div>\n\t\t\t\t\t\t<\/div>\n\t\t\t\t\t<\/div>\n\t\t<\/aside>\n\t\t\t\t\t\t\t\t<\/div>\n\t\t\t\t\t<\/div>\n\t\t<\/section>\n\t\t\t\t\t\t\t\t\t<\/div>\n\t\t\t<\/div>\n\t\t\t\t\t<\/div>\n\t\t","protected":false},"excerpt":{"rendered":"<p>NOW and NEXT Die Dynamik der Gegenwart nutzen, um Zukunft zu gestalten Kommt Ihnen das bekannt vor? Sie beginnen einen Transformationsprozess voller Elan und Dringlichkeit und nach einigen Monaten fokussiert sich die Energie auf weitere Ver\u00e4nderungen, F\u00fchrungswechsel und neue Priorisierungen oder man verhaspelt sich im Netz der Komplexit\u00e4t, unerwarteter H\u00fcrden und Widerst\u00e4nde! Flugh\u00f6he wanted!Wir laden [&hellip;]<\/p>\n","protected":false},"author":2,"featured_media":0,"parent":2,"menu_order":0,"comment_status":"closed","ping_status":"closed","template":"","meta":{"footnotes":""},"class_list":["post-4556","page","type-page","status-publish","hentry"],"yoast_head":"<!-- This site is optimized with the Yoast SEO plugin v27.2 - https:\/\/yoast.com\/product\/yoast-seo-wordpress\/ -->\n<title>hot | KOMMUNIKATIONSRAUM<\/title>\n<meta name=\"description\" content=\"Wir gestalten Kommunikation! KOMMUNIKATIONSRAUM hilft Organisationen aus Wirtschaft, Industrie und Politik besser zu kommunizieren.\" \/>\n<meta name=\"robots\" content=\"index, follow, max-snippet:-1, max-image-preview:large, max-video-preview:-1\" \/>\n<link rel=\"canonical\" href=\"https:\/\/www.kommunikationsraum.at\/en\/startseite\/hot\/\" \/>\n<meta property=\"og:locale\" content=\"en_US\" \/>\n<meta property=\"og:type\" content=\"article\" \/>\n<meta property=\"og:title\" content=\"hot | KOMMUNIKATIONSRAUM\" \/>\n<meta property=\"og:description\" content=\"Wir gestalten Kommunikation! KOMMUNIKATIONSRAUM hilft Organisationen aus Wirtschaft, Industrie und Politik besser zu kommunizieren.\" \/>\n<meta property=\"og:url\" content=\"https:\/\/www.kommunikationsraum.at\/en\/startseite\/hot\/\" \/>\n<meta property=\"og:site_name\" content=\"Kommunikationsraum\" \/>\n<meta property=\"article:publisher\" content=\"https:\/\/www.facebook.com\/kommunikationsraumwien\/\" \/>\n<meta property=\"article:modified_time\" content=\"2026-04-26T08:49:38+00:00\" \/>\n<meta property=\"og:image\" content=\"https:\/\/www.kommunikationsraum.at\/wp-content\/uploads\/2021\/08\/hot-ohne-hintergrund-400x600-1.png\" \/>\n\t<meta property=\"og:image:width\" content=\"800\" \/>\n\t<meta property=\"og:image:height\" content=\"400\" \/>\n\t<meta property=\"og:image:type\" content=\"image\/png\" \/>\n<meta name=\"twitter:card\" content=\"summary_large_image\" \/>\n<meta name=\"twitter:site\" content=\"@kr_hinterland\" \/>\n<script type=\"application\/ld+json\" class=\"yoast-schema-graph\">{\"@context\":\"https:\/\/schema.org\",\"@graph\":[{\"@type\":\"WebPage\",\"@id\":\"https:\/\/www.kommunikationsraum.at\/en\/startseite\/hot\/\",\"url\":\"https:\/\/www.kommunikationsraum.at\/en\/startseite\/hot\/\",\"name\":\"hot | KOMMUNIKATIONSRAUM\",\"isPartOf\":{\"@id\":\"https:\/\/www.kommunikationsraum.at\/en\/#website\"},\"primaryImageOfPage\":{\"@id\":\"https:\/\/www.kommunikationsraum.at\/en\/startseite\/hot\/#primaryimage\"},\"image\":{\"@id\":\"https:\/\/www.kommunikationsraum.at\/en\/startseite\/hot\/#primaryimage\"},\"thumbnailUrl\":\"https:\/\/www.kommunikationsraum.at\/wp-content\/uploads\/2021\/08\/hot-ohne-hintergrund-400x600-1.png\",\"datePublished\":\"2021-08-23T13:35:01+00:00\",\"dateModified\":\"2026-04-26T08:49:38+00:00\",\"description\":\"Wir gestalten Kommunikation! KOMMUNIKATIONSRAUM hilft Organisationen aus Wirtschaft, Industrie und Politik besser zu kommunizieren.\",\"breadcrumb\":{\"@id\":\"https:\/\/www.kommunikationsraum.at\/en\/startseite\/hot\/#breadcrumb\"},\"inLanguage\":\"en-US\",\"potentialAction\":[{\"@type\":\"ReadAction\",\"target\":[\"https:\/\/www.kommunikationsraum.at\/en\/startseite\/hot\/\"]}]},{\"@type\":\"ImageObject\",\"inLanguage\":\"en-US\",\"@id\":\"https:\/\/www.kommunikationsraum.at\/en\/startseite\/hot\/#primaryimage\",\"url\":\"https:\/\/www.kommunikationsraum.at\/wp-content\/uploads\/2021\/08\/hot-ohne-hintergrund-400x600-1.png\",\"contentUrl\":\"https:\/\/www.kommunikationsraum.at\/wp-content\/uploads\/2021\/08\/hot-ohne-hintergrund-400x600-1.png\"},{\"@type\":\"BreadcrumbList\",\"@id\":\"https:\/\/www.kommunikationsraum.at\/en\/startseite\/hot\/#breadcrumb\",\"itemListElement\":[{\"@type\":\"ListItem\",\"position\":1,\"name\":\"Start\",\"item\":\"https:\/\/www.kommunikationsraum.at\/en\/\"},{\"@type\":\"ListItem\",\"position\":2,\"name\":\"Startseite\",\"item\":\"https:\/\/www.kommunikationsraum.at\/en\/\"},{\"@type\":\"ListItem\",\"position\":3,\"name\":\"hot\"}]},{\"@type\":\"WebSite\",\"@id\":\"https:\/\/www.kommunikationsraum.at\/en\/#website\",\"url\":\"https:\/\/www.kommunikationsraum.at\/en\/\",\"name\":\"Kommunikationsraum\",\"description\":\"Kommunikation neu denken\",\"potentialAction\":[{\"@type\":\"SearchAction\",\"target\":{\"@type\":\"EntryPoint\",\"urlTemplate\":\"https:\/\/www.kommunikationsraum.at\/en\/?s={search_term_string}\"},\"query-input\":{\"@type\":\"PropertyValueSpecification\",\"valueRequired\":true,\"valueName\":\"search_term_string\"}}],\"inLanguage\":\"en-US\"}]}<\/script>\n<!-- \/ Yoast SEO plugin. -->","yoast_head_json":{"title":"hot | KOMMUNIKATIONSRAUM","description":"Wir gestalten Kommunikation! KOMMUNIKATIONSRAUM hilft Organisationen aus Wirtschaft, Industrie und Politik besser zu kommunizieren.","robots":{"index":"index","follow":"follow","max-snippet":"max-snippet:-1","max-image-preview":"max-image-preview:large","max-video-preview":"max-video-preview:-1"},"canonical":"https:\/\/www.kommunikationsraum.at\/en\/startseite\/hot\/","og_locale":"en_US","og_type":"article","og_title":"hot | KOMMUNIKATIONSRAUM","og_description":"Wir gestalten Kommunikation! KOMMUNIKATIONSRAUM hilft Organisationen aus Wirtschaft, Industrie und Politik besser zu kommunizieren.","og_url":"https:\/\/www.kommunikationsraum.at\/en\/startseite\/hot\/","og_site_name":"Kommunikationsraum","article_publisher":"https:\/\/www.facebook.com\/kommunikationsraumwien\/","article_modified_time":"2026-04-26T08:49:38+00:00","og_image":[{"width":800,"height":400,"url":"https:\/\/www.kommunikationsraum.at\/wp-content\/uploads\/2021\/08\/hot-ohne-hintergrund-400x600-1.png","type":"image\/png"}],"twitter_card":"summary_large_image","twitter_site":"@kr_hinterland","schema":{"@context":"https:\/\/schema.org","@graph":[{"@type":"WebPage","@id":"https:\/\/www.kommunikationsraum.at\/en\/startseite\/hot\/","url":"https:\/\/www.kommunikationsraum.at\/en\/startseite\/hot\/","name":"hot | KOMMUNIKATIONSRAUM","isPartOf":{"@id":"https:\/\/www.kommunikationsraum.at\/en\/#website"},"primaryImageOfPage":{"@id":"https:\/\/www.kommunikationsraum.at\/en\/startseite\/hot\/#primaryimage"},"image":{"@id":"https:\/\/www.kommunikationsraum.at\/en\/startseite\/hot\/#primaryimage"},"thumbnailUrl":"https:\/\/www.kommunikationsraum.at\/wp-content\/uploads\/2021\/08\/hot-ohne-hintergrund-400x600-1.png","datePublished":"2021-08-23T13:35:01+00:00","dateModified":"2026-04-26T08:49:38+00:00","description":"Wir gestalten Kommunikation! KOMMUNIKATIONSRAUM hilft Organisationen aus Wirtschaft, Industrie und Politik besser zu kommunizieren.","breadcrumb":{"@id":"https:\/\/www.kommunikationsraum.at\/en\/startseite\/hot\/#breadcrumb"},"inLanguage":"en-US","potentialAction":[{"@type":"ReadAction","target":["https:\/\/www.kommunikationsraum.at\/en\/startseite\/hot\/"]}]},{"@type":"ImageObject","inLanguage":"en-US","@id":"https:\/\/www.kommunikationsraum.at\/en\/startseite\/hot\/#primaryimage","url":"https:\/\/www.kommunikationsraum.at\/wp-content\/uploads\/2021\/08\/hot-ohne-hintergrund-400x600-1.png","contentUrl":"https:\/\/www.kommunikationsraum.at\/wp-content\/uploads\/2021\/08\/hot-ohne-hintergrund-400x600-1.png"},{"@type":"BreadcrumbList","@id":"https:\/\/www.kommunikationsraum.at\/en\/startseite\/hot\/#breadcrumb","itemListElement":[{"@type":"ListItem","position":1,"name":"Start","item":"https:\/\/www.kommunikationsraum.at\/en\/"},{"@type":"ListItem","position":2,"name":"Startseite","item":"https:\/\/www.kommunikationsraum.at\/en\/"},{"@type":"ListItem","position":3,"name":"hot"}]},{"@type":"WebSite","@id":"https:\/\/www.kommunikationsraum.at\/en\/#website","url":"https:\/\/www.kommunikationsraum.at\/en\/","name":"Kommunikationsraum","description":"Kommunikation neu denken","potentialAction":[{"@type":"SearchAction","target":{"@type":"EntryPoint","urlTemplate":"https:\/\/www.kommunikationsraum.at\/en\/?s={search_term_string}"},"query-input":{"@type":"PropertyValueSpecification","valueRequired":true,"valueName":"search_term_string"}}],"inLanguage":"en-US"}]}},"_links":{"self":[{"href":"https:\/\/www.kommunikationsraum.at\/en\/wp-json\/wp\/v2\/pages\/4556","targetHints":{"allow":["GET"]}}],"collection":[{"href":"https:\/\/www.kommunikationsraum.at\/en\/wp-json\/wp\/v2\/pages"}],"about":[{"href":"https:\/\/www.kommunikationsraum.at\/en\/wp-json\/wp\/v2\/types\/page"}],"author":[{"embeddable":true,"href":"https:\/\/www.kommunikationsraum.at\/en\/wp-json\/wp\/v2\/users\/2"}],"replies":[{"embeddable":true,"href":"https:\/\/www.kommunikationsraum.at\/en\/wp-json\/wp\/v2\/comments?post=4556"}],"version-history":[{"count":763,"href":"https:\/\/www.kommunikationsraum.at\/en\/wp-json\/wp\/v2\/pages\/4556\/revisions"}],"predecessor-version":[{"id":11211,"href":"https:\/\/www.kommunikationsraum.at\/en\/wp-json\/wp\/v2\/pages\/4556\/revisions\/11211"}],"up":[{"embeddable":true,"href":"https:\/\/www.kommunikationsraum.at\/en\/wp-json\/wp\/v2\/pages\/2"}],"wp:attachment":[{"href":"https:\/\/www.kommunikationsraum.at\/en\/wp-json\/wp\/v2\/media?parent=4556"}],"curies":[{"name":"wp","href":"https:\/\/api.w.org\/{rel}","templated":true}]}}